{"id":474,"date":"2017-04-13T16:07:38","date_gmt":"2017-04-13T14:07:38","guid":{"rendered":"https:\/\/schafberg.net\/?page_id=474\/"},"modified":"2025-05-12T14:12:33","modified_gmt":"2025-05-12T12:12:33","slug":"hejmo","status":"publish","type":"page","link":"https:\/\/schafberg.net\/es\/","title":{"rendered":"hejmo"},"content":{"rendered":"<div class=\"wpb-content-wrapper\"><p>[vc_row equal_height=\u00bbyes\u00bb][vc_column][vc_row_inner][vc_column_inner][vc_column_text]<\/p>\n<h2 style=\"text-align: center;\">\u00a1Bienvenido a Schafberg!<\/h2>\n<p class=\"highlight\" style=\"text-align: center;\">Nuestro hotel de monta\u00f1a est\u00e1 a una altitud de 1783 metros sobre St. Wolfgang.<\/p>\n<p style=\"text-align: center;\">La familia Pasch se hizo cargo de la gesti\u00f3n del hotel en el a\u00f1o 1966 y Harald Pasch lo gestiona desde 2002 en segunda generaci\u00f3n.<\/p>\n<p style=\"text-align: center;\">Hacemos que su visita sea una vivencia singular en nuestra casa, dotada de un ambiente agradable y gestionada con car\u00e1cter familiar.<\/p>\n<p class=\"highlight\" style=\"text-align: center;\">Nuestro personal de servicio se alegra ya de poder complacerle y de servirle las exquisiteces de nuestra cocina regional.<\/p>\n<p class=\"owner-name\" style=\"text-align: center;\">Familia Pasch y empleados<\/p>\n<div class=\"owner-signature\"><img decoding=\"async\" class=\"aligncenter\" src=\"https:\/\/schafberg.net\/wp-content\/uploads\/2016\/06\/Unterschrift_Harry-e1469861039746.jpg\" alt=\"\" \/><\/div>\n<p>[\/vc_column_text][vc_message style=\u00bbsquare\u00bb message_box_color=\u00bbvista_blue\u00bb css=\u00bb\u00bb]<\/p>\n<h3>Operaci\u00f3n del restaurante: del 27 de abril al 26 de octubre de 2025<br data-start=\"67\" data-end=\"70\" \/>Operaci\u00f3n del hotel con alquiler de habitaciones: del 1 de mayo al 12 de octubre de 2025<br data-start=\"158\" data-end=\"161\" \/>(con funcionamiento del tren y buen clima)<br \/>\n<a href=\"https:\/\/www.salzburg-bahnen.at\/en\/schafbergbahn\/prices-and-timetables.html\" target=\"_blank\" rel=\"noopener\">tiempos de funcionamiento del Schafberg-Bahn<\/a><\/h3>\n<p>[\/vc_message][\/vc_column_inner][\/vc_row_inner][vc_column_text]<\/p>\n<h3 style=\"text-align: center;\"><span style=\"color: #d90000;\">El \u00faltimo registro para los hu\u00e9spedes de la casa que escalen la monta\u00f1a a pie es a las 20:00.<br \/>\nEl \u00faltimo ascenso obligatorio para los hu\u00e9spedes de la casa es a las 4:30 pm. <\/span><\/h3>\n<p style=\"text-align: center;\"><!--Simplemente compre el boleto combinado poco antes del ascenso en la estaci\u00f3n del valle de Schafbergbahn.-->Comidas calientes hasta las 8 p.m. \/ Fin del servicio: 24:00<br \/>\n(Los clientes de nuestro hotel pueden entrar y salir a cualquier hora para disfrutar del cielo estrellado y de la noche en la monta\u00f1a)<\/p>\n<p>[\/vc_column_text][vc_basic_grid post_type=\u00bbids\u00bb element_width=\u00bb3&#8243; item=\u00bb1155&#8243; grid_id=\u00bbvc_gid:1741173702385-3cdec84b-cfc3-8&#8243; include=\u00bb88, 91, 203, 205&#8243;][\/vc_column][\/vc_row][vc_row][vc_column][vc_single_image image=\u00bb1315&#8243; img_size=\u00bbfull\u00bb][\/vc_column][\/vc_row][vc_row][vc_column width=\u00bb2\/3&#8243;][vc_column_text]Con el ferrocarril de cremallera de larga tradici\u00f3n puede ascender c\u00f3modamente al id\u00edlico monte Schafberg de 1.783 m de altitud.<\/p>\n<p>El ferrocarril de cremallera m\u00e1s inclinado de Austria con locomotora a vapor viaja de St. Wolfgang al monte Schafberg ya desde 1893. En 35 minutos supera 1.190 metros de altitud y 5,85 km hasta la cima del monte Schafberg. Las hist\u00f3ricas locomotoras a vapor del ferrocarril de cremallera son de las m\u00e1s antiguas del mundo que a\u00fan siguen funcionando. Pero un viaje al monte Schafberg con una de las locomotoras a vapor modernas es tambi\u00e9n una vivencia inolvidable. El monte Schafberg (1.783m) est\u00e1 considerado como la monta\u00f1a panor\u00e1mica m\u00e1s bonita de la mundialmente famosa regi\u00f3n Salzkammergut. En los d\u00edas con buen tiempo se dispone de una vista panor\u00e1mica de 360\u00b0 sobre los centelleantes lagos de la regi\u00f3n Salzkammergut y de la regi\u00f3n subalpina as\u00f3 como sobre los lagos Wolfgangsee, Irrsee, Mondsee, Fuschlsee y hasta el Chiemsee. Alrededor se alza el majestuoso mundo de las monta\u00f1as que va desde las sierras H\u00f6llengebirge pasando por el pico Dachstein y llega hasta Watzmann.<\/p>\n<p>[\/vc_column_text][\/vc_column][vc_column width=\u00bb1\/3&#8243;][vc_column_text]<\/p>\n<h3>Datos:<\/h3>\n<p>Funcionamiento: desde 1893, sin electricidad<br \/>\nTrayecto: 5,85 km<br \/>\nDiferencia de altitud: 1.190 m<br \/>\nInclinaci\u00f3n m\u00e1x.: 26 %<br \/>\nDuraci\u00f3n del trayecto: aprox. 35 minutos[\/vc_column_text][\/vc_column][\/vc_row][vc_row][vc_column][vc_empty_space][vc_separator][vc_column_text]<\/p>\n<h2>Eventos:<\/h2>\n<p>El hotel de monta\u00f1a en Schafberg le ofrece un marco ideal para eventos privados y de negocios, ya sea en c\u00edrculos peque\u00f1os o en grandes grupos.<\/p>\n<p>El elegante ambiente y el maravilloso entorno del hotel ofrecen todo lo que se necesita para que una fiesta tenga \u00e9xito y para que sus invitados se sientan bien, sea celebrando un cumplea\u00f1os, veladas especiales o fiestas familiares.<\/p>\n<p>El hotel dispone tambi\u00e9n de una <a href=\"https:\/\/schafberg.net\/es\/sala-para-seminaros\/\">sala para seminarios<\/a> con un excelente equipamiento t\u00e9cnico que ponemos gustosamente a su disposici\u00f3n para sus simposios y reuniones.[\/vc_column_text][vc_empty_space][\/vc_column][\/vc_row][vc_row content_placement=\u00bbmiddle\u00bb disable_element=\u00bbyes\u00bb css=\u00bb.vc_custom_1727340825025{margin-right: 0px !important;margin-left: 0px !important;padding-top: 100px !important;padding-right: 100px !important;padding-bottom: 100px !important;padding-left: 100px !important;background-image: url(https:\/\/schafberg.net\/wp-content\/uploads\/2022\/08\/Schweinsbraten_AdobeStock_498134566.jpg?id=1004) !important;background-position: center !important;background-repeat: no-repeat !important;background-size: cover !important;}\u00bb el_id=\u00bbresp_cont_schmank\u00bb][vc_column width=\u00bb1\/3&#8243; offset=\u00bbvc_col-lg-offset-3 vc_col-lg-6 vc_col-md-offset-2 vc_col-md-8 vc_col-sm-offset-0 vc_col-xs-12&#8243; css=\u00bb.vc_custom_1678276309453{padding-top: 30px !important;padding-right: 30px !important;padding-bottom: 30px !important;padding-left: 30px !important;background-color: #ffffff !important;}\u00bb][vc_column_text css=\u00bb\u00bb]<\/p>\n<h3><span style=\"color: #ff0000;\">Semanas gourmet en el Schafberg<\/span><br \/>\n16-22 de septiembre de 2024<\/h3>\n<p>Disfrute de las delicias locales con probablemente la vista m\u00e1s hermosa de Austria: durante las semanas de las delicias, la familia Pasch sirve especialidades locales.[\/vc_column_text][\/vc_column][\/vc_row][vc_row disable_element=\u00bbyes\u00bb][vc_column][vc_row_inner][vc_column_inner width=\u00bb1\/2&#8243;][vc_single_image image=\u00bb889&#8243; img_size=\u00bb1024&#215;480&#8243; alignment=\u00bbcenter\u00bb][vc_column_text css=\u00bb\u00bb]<\/p>\n<h3><span style=\"color: #ff0000;\">Matenman\u011do en la hotelo Schafberg kun viva muziko de la \u00abGrabn-Riada\u00bb (citro kaj akordiono)<\/span><\/h3>\n<h3>01 de mayo (apertura de temporada)<\/h3>\n<h3>14 de mayo (D\u00eda de la Madre)<br \/>\n11 de junio (D\u00eda del Padre)<\/h3>\n<p>El D\u00eda de la Madre hay una copa de Prosecco gratis para todas las madres y el D\u00eda del Padre para todos los padres 1\/3 de cerveza <strong>gratis<\/strong>. Consumo en el hotel, no pago en efectivo ni cambio.<\/p>\n<p><!--\n\n\n<h3>03 de octubre<\/h3>\n\n\ncon motivo del \"Liachtbrat'l - Lunes\"--><\/p>\n<h2>De la 11-a \u011dis la 14-a kun senpaga eniro!<\/h2>\n<p>Loko: Restoracio Schafberghotel (okazas en ajna vetero!)<\/p>\n<h3><a href=\"http:\/\/zither-volksmusik-salzkammergut.at\/grabn-riada\/\" target=\"_blank\" rel=\"noopener noreferrer\">www.zither-volksmusik-salzkammergut.at<\/a><\/h3>\n<p>[\/vc_column_text][\/vc_column_inner][vc_column_inner width=\u00bb1\/2&#8243;][vc_single_image image=\u00bb903&#8243; img_size=\u00bb1024&#215;480&#8243; alignment=\u00bbcenter\u00bb][vc_column_text css=\u00bb\u00bb]<\/p>\n<h3><span style=\"color: #ff0000;\">Paseo rom\u00e1ntico por la noche<\/span><\/h3>\n<h3>19 de agosto<\/h3>\n<p>El sol poniente y la luna llena naciente son dos espect\u00e1culos naturales que son particularmente impresionantes en la cima del Schafberg. Nuestro nost\u00e1lgico tren de vapor lo lleva a este rom\u00e1ntico espect\u00e1culo natural en Schafberg. Tenga en cuenta que las locomotoras di\u00e9sel-el\u00e9ctricas se utilizan cuando hay una gran multitud.<\/p>\n<h3><a href=\"https:\/\/www.salzburg-bahnen.at\/en\/schafbergbahn\/events-and-experiences\/events\/sunset-rides-SchafbergBahn.html\" target=\"_ blank\" rel=\"noopener noreferrer\">M\u00e1s informaci\u00f3n y reservas<\/a><\/h3>\n<p>[\/vc_column_text][\/vc_column_inner][\/vc_row_inner][\/vc_column][\/vc_row][vc_row full_width=\u00bbstretch_row\u00bb][vc_column][vc_gallery type=\u00bbimage_grid\u00bb images=\u00bb1364,1369&#8243; img_size=\u00bb300&#215;400&#8243; css=\u00bb.vc_custom_1727340580717{border-radius: 10px !important;}\u00bb][\/vc_column][\/vc_row]<\/p>\n<\/div>","protected":false},"excerpt":{"rendered":"<p>[vc_row equal_height=\u00bbyes\u00bb][vc_column][vc_row_inner][vc_column_inner][vc_column_text] \u00a1Bienvenido a Schafberg! Nuestro hotel de monta\u00f1a est\u00e1 a una altitud de 1783 metros sobre St. Wolfgang. La familia Pasch se hizo cargo de la gesti\u00f3n del hotel en el a\u00f1o 1966 y Harald Pasch lo gestiona desde 2002 en segunda generaci\u00f3n. Hacemos que su visita sea una vivencia singular en nuestra casa, [&hellip;]<\/p>\n","protected":false},"author":3,"featured_media":0,"parent":0,"menu_order":1,"comment_status":"closed","ping_status":"closed","template":"","meta":{"footnotes":""},"class_list":["post-474","page","type-page","status-publish","hentry"],"yoast_head":"<title>hejmo &#8226; Hotel Schafbergspitze<\/title>\n<meta name=\"robots\" content=\"index, follow, max-snippet:-1, max-image-preview:large, max-video-preview:-1\" \/>\n<link rel=\"canonical\" href=\"https:\/\/schafberg.net\/es\/\" \/>\n<meta property=\"og:locale\" content=\"es_ES\" \/>\n<meta property=\"og:type\" content=\"article\" \/>\n<meta property=\"og:title\" content=\"hejmo &#8226; Hotel Schafbergspitze\" \/>\n<meta property=\"og:description\" content=\"[vc_row equal_height=\u00bbyes\u00bb][vc_column][vc_row_inner][vc_column_inner][vc_column_text] \u00a1Bienvenido a Schafberg! Nuestro hotel de monta\u00f1a est\u00e1 a una altitud de 1783 metros sobre St. Wolfgang. La familia Pasch se hizo cargo de la gesti\u00f3n del hotel en el a\u00f1o 1966 y Harald Pasch lo gestiona desde 2002 en segunda generaci\u00f3n. Hacemos que su visita sea una vivencia singular en nuestra casa, [&hellip;]\" \/>\n<meta property=\"og:url\" content=\"https:\/\/schafberg.net\/es\/\" \/>\n<meta property=\"og:site_name\" content=\"Hotel Schafbergspitze\" \/>\n<meta property=\"article:modified_time\" content=\"2025-05-12T12:12:33+00:00\" \/>\n<meta property=\"og:image\" content=\"https:\/\/schafberg.net\/wp-content\/uploads\/2016\/06\/Unterschrift_Harry-e1469861039746.jpg\" \/>\n<meta name=\"twitter:card\" content=\"summary_large_image\" \/>\n<meta name=\"twitter:label1\" content=\"Tiempo de lectura\" \/>\n\t<meta name=\"twitter:data1\" content=\"5 minutos\" \/>\n<script type=\"application\/ld+json\" class=\"yoast-schema-graph\">{\"@context\":\"https:\/\/schema.org\",\"@graph\":[{\"@type\":\"WebPage\",\"@id\":\"https:\/\/schafberg.net\/es\/\",\"url\":\"https:\/\/schafberg.net\/es\/\",\"name\":\"hejmo &#8226; Hotel Schafbergspitze\",\"isPartOf\":{\"@id\":\"https:\/\/schafberg.net\/#website\"},\"primaryImageOfPage\":{\"@id\":\"https:\/\/schafberg.net\/es\/#primaryimage\"},\"image\":{\"@id\":\"https:\/\/schafberg.net\/es\/#primaryimage\"},\"thumbnailUrl\":\"https:\/\/schafberg.net\/wp-content\/uploads\/2016\/06\/Unterschrift_Harry-e1469861039746.jpg\",\"datePublished\":\"2017-04-13T14:07:38+00:00\",\"dateModified\":\"2025-05-12T12:12:33+00:00\",\"breadcrumb\":{\"@id\":\"https:\/\/schafberg.net\/es\/#breadcrumb\"},\"inLanguage\":\"es\",\"potentialAction\":[{\"@type\":\"ReadAction\",\"target\":[\"https:\/\/schafberg.net\/es\/\"]}]},{\"@type\":\"ImageObject\",\"inLanguage\":\"es\",\"@id\":\"https:\/\/schafberg.net\/es\/#primaryimage\",\"url\":\"https:\/\/schafberg.net\/wp-content\/uploads\/2016\/06\/Unterschrift_Harry-e1469861039746.jpg\",\"contentUrl\":\"https:\/\/schafberg.net\/wp-content\/uploads\/2016\/06\/Unterschrift_Harry-e1469861039746.jpg\"},{\"@type\":\"BreadcrumbList\",\"@id\":\"https:\/\/schafberg.net\/es\/#breadcrumb\",\"itemListElement\":[{\"@type\":\"ListItem\",\"position\":1,\"name\":\"Home\",\"item\":\"https:\/\/schafberg.net\/es\/\"},{\"@type\":\"ListItem\",\"position\":2,\"name\":\"hejmo\"}]},{\"@type\":\"WebSite\",\"@id\":\"https:\/\/schafberg.net\/#website\",\"url\":\"https:\/\/schafberg.net\/\",\"name\":\"Hotel Schafbergspitze\",\"description\":\"\",\"publisher\":{\"@id\":\"https:\/\/schafberg.net\/#organization\"},\"potentialAction\":[{\"@type\":\"SearchAction\",\"target\":{\"@type\":\"EntryPoint\",\"urlTemplate\":\"https:\/\/schafberg.net\/?s={search_term_string}\"},\"query-input\":{\"@type\":\"PropertyValueSpecification\",\"valueRequired\":true,\"valueName\":\"search_term_string\"}}],\"inLanguage\":\"es\"},{\"@type\":\"Organization\",\"@id\":\"https:\/\/schafberg.net\/#organization\",\"name\":\"Hotel Schafbergspitze\",\"url\":\"https:\/\/schafberg.net\/\",\"logo\":{\"@type\":\"ImageObject\",\"inLanguage\":\"es\",\"@id\":\"https:\/\/schafberg.net\/#\/schema\/logo\/image\/\",\"url\":\"https:\/\/schafberg.net\/wp-content\/uploads\/2016\/07\/cropped-IMG_1188.jpg\",\"contentUrl\":\"https:\/\/schafberg.net\/wp-content\/uploads\/2016\/07\/cropped-IMG_1188.jpg\",\"width\":512,\"height\":512,\"caption\":\"Hotel Schafbergspitze\"},\"image\":{\"@id\":\"https:\/\/schafberg.net\/#\/schema\/logo\/image\/\"}}]}<\/script>","yoast_head_json":{"title":"hejmo &#8226; Hotel Schafbergspitze","robots":{"index":"index","follow":"follow","max-snippet":"max-snippet:-1","max-image-preview":"max-image-preview:large","max-video-preview":"max-video-preview:-1"},"canonical":"https:\/\/schafberg.net\/es\/","og_locale":"es_ES","og_type":"article","og_title":"hejmo &#8226; Hotel Schafbergspitze","og_description":"[vc_row equal_height=\u00bbyes\u00bb][vc_column][vc_row_inner][vc_column_inner][vc_column_text] \u00a1Bienvenido a Schafberg! Nuestro hotel de monta\u00f1a est\u00e1 a una altitud de 1783 metros sobre St. Wolfgang. La familia Pasch se hizo cargo de la gesti\u00f3n del hotel en el a\u00f1o 1966 y Harald Pasch lo gestiona desde 2002 en segunda generaci\u00f3n. Hacemos que su visita sea una vivencia singular en nuestra casa, [&hellip;]","og_url":"https:\/\/schafberg.net\/es\/","og_site_name":"Hotel Schafbergspitze","article_modified_time":"2025-05-12T12:12:33+00:00","og_image":[{"url":"https:\/\/schafberg.net\/wp-content\/uploads\/2016\/06\/Unterschrift_Harry-e1469861039746.jpg","type":"","width":"","height":""}],"twitter_card":"summary_large_image","twitter_misc":{"Tiempo de lectura":"5 minutos"},"schema":{"@context":"https:\/\/schema.org","@graph":[{"@type":"WebPage","@id":"https:\/\/schafberg.net\/es\/","url":"https:\/\/schafberg.net\/es\/","name":"hejmo &#8226; Hotel Schafbergspitze","isPartOf":{"@id":"https:\/\/schafberg.net\/#website"},"primaryImageOfPage":{"@id":"https:\/\/schafberg.net\/es\/#primaryimage"},"image":{"@id":"https:\/\/schafberg.net\/es\/#primaryimage"},"thumbnailUrl":"https:\/\/schafberg.net\/wp-content\/uploads\/2016\/06\/Unterschrift_Harry-e1469861039746.jpg","datePublished":"2017-04-13T14:07:38+00:00","dateModified":"2025-05-12T12:12:33+00:00","breadcrumb":{"@id":"https:\/\/schafberg.net\/es\/#breadcrumb"},"inLanguage":"es","potentialAction":[{"@type":"ReadAction","target":["https:\/\/schafberg.net\/es\/"]}]},{"@type":"ImageObject","inLanguage":"es","@id":"https:\/\/schafberg.net\/es\/#primaryimage","url":"https:\/\/schafberg.net\/wp-content\/uploads\/2016\/06\/Unterschrift_Harry-e1469861039746.jpg","contentUrl":"https:\/\/schafberg.net\/wp-content\/uploads\/2016\/06\/Unterschrift_Harry-e1469861039746.jpg"},{"@type":"BreadcrumbList","@id":"https:\/\/schafberg.net\/es\/#breadcrumb","itemListElement":[{"@type":"ListItem","position":1,"name":"Home","item":"https:\/\/schafberg.net\/es\/"},{"@type":"ListItem","position":2,"name":"hejmo"}]},{"@type":"WebSite","@id":"https:\/\/schafberg.net\/#website","url":"https:\/\/schafberg.net\/","name":"Hotel Schafbergspitze","description":"","publisher":{"@id":"https:\/\/schafberg.net\/#organization"},"potentialAction":[{"@type":"SearchAction","target":{"@type":"EntryPoint","urlTemplate":"https:\/\/schafberg.net\/?s={search_term_string}"},"query-input":{"@type":"PropertyValueSpecification","valueRequired":true,"valueName":"search_term_string"}}],"inLanguage":"es"},{"@type":"Organization","@id":"https:\/\/schafberg.net\/#organization","name":"Hotel Schafbergspitze","url":"https:\/\/schafberg.net\/","logo":{"@type":"ImageObject","inLanguage":"es","@id":"https:\/\/schafberg.net\/#\/schema\/logo\/image\/","url":"https:\/\/schafberg.net\/wp-content\/uploads\/2016\/07\/cropped-IMG_1188.jpg","contentUrl":"https:\/\/schafberg.net\/wp-content\/uploads\/2016\/07\/cropped-IMG_1188.jpg","width":512,"height":512,"caption":"Hotel Schafbergspitze"},"image":{"@id":"https:\/\/schafberg.net\/#\/schema\/logo\/image\/"}}]}},"_links":{"self":[{"href":"https:\/\/schafberg.net\/es\/wp-json\/wp\/v2\/pages\/474","targetHints":{"allow":["GET"]}}],"collection":[{"href":"https:\/\/schafberg.net\/es\/wp-json\/wp\/v2\/pages"}],"about":[{"href":"https:\/\/schafberg.net\/es\/wp-json\/wp\/v2\/types\/page"}],"author":[{"embeddable":true,"href":"https:\/\/schafberg.net\/es\/wp-json\/wp\/v2\/users\/3"}],"replies":[{"embeddable":true,"href":"https:\/\/schafberg.net\/es\/wp-json\/wp\/v2\/comments?post=474"}],"version-history":[{"count":26,"href":"https:\/\/schafberg.net\/es\/wp-json\/wp\/v2\/pages\/474\/revisions"}],"predecessor-version":[{"id":1393,"href":"https:\/\/schafberg.net\/es\/wp-json\/wp\/v2\/pages\/474\/revisions\/1393"}],"wp:attachment":[{"href":"https:\/\/schafberg.net\/es\/wp-json\/wp\/v2\/media?parent=474"}],"curies":[{"name":"wp","href":"https:\/\/api.w.org\/{rel}","templated":true}]}}